{"id":2229,"date":"2026-05-20T11:57:32","date_gmt":"2026-05-20T09:57:32","guid":{"rendered":"https:\/\/acyf.cat\/?page_id=2229"},"modified":"2026-05-21T14:13:45","modified_gmt":"2026-05-21T12:13:45","slug":"services-2","status":"publish","type":"page","link":"https:\/\/acyf.cat\/ca\/services-2\/","title":{"rendered":"Inform\u00e0tica"},"content":{"rendered":"<div class=\"wp-block-uagb-container uagb-block-8de9c239 alignfull uagb-is-root-container\"><div class=\"uagb-container__shape uagb-container__shape-bottom uagb-container__invert\" data-negative=\"false\"><svg xmlns=\"https:\/\/www.w3.org\/2000\/svg\" viewbox=\"0 0 1000 100\" preserveaspectratio=\"none\"><path class=\"uagb-container__shape-fill\" d=\"M421.9,6.5c22.6-2.5,51.5,0.4,75.5,5.3c23.6,4.9,70.9,23.5,100.5,35.7c75.8,32.2,133.7,44.5,192.6,49.7  c23.6,2.1,48.7,3.5,103.4-2.5c54.7-6,106.2-25.6,106.2-25.6V0H0v30.3c0,0,72,32.6,158.4,30.5c39.2-0.7,92.8-6.7,134-22.4  c21.2-8.1,52.2-18.2,79.7-24.2C399.3,7.9,411.6,7.5,421.9,6.5z\"><\/path><\/svg><\/div><div class=\"uagb-container-inner-blocks-wrap\">\n<div class=\"wp-block-uagb-advanced-heading uagb-block-99148d6e\"><h1 class=\"uagb-heading-text\">Inform\u00e0tica<\/h1><\/div>\n<\/div><\/div>\n\n\n\n<div class=\"wp-block-uagb-separator uagb-block-0b975996\"><div class=\"wp-block-uagb-separator__inner\" style=\"--my-background-image:\"><\/div><\/div>\n\n\n\n<div class=\"wp-block-uagb-container uagb-block-0da5cfc9 alignfull uagb-is-root-container\"><div class=\"uagb-container-inner-blocks-wrap\">\n<div class=\"wp-block-uagb-advanced-heading uagb-block-b9a5822e\"><h1 class=\"uagb-heading-text\">L'Associaci\u00f3 Ajuda Comunit\u00e0ria i Familiar amplia amb la Inform\u00e0tica els serveis gratu\u00efts a la comunitat<\/h1><\/div>\n\n\n\n<div class=\"wp-block-uagb-separator uagb-block-8e83a8eb\"><div class=\"wp-block-uagb-separator__inner\" style=\"--my-background-image:\"><\/div><\/div>\n\n\n\n<div class=\"wp-block-uagb-separator uagb-block-343f6bea\"><div class=\"wp-block-uagb-separator__inner\" style=\"--my-background-image:\"><\/div><\/div>\n\n\n\n<p class=\"wp-block-paragraph\">A Acyf.cat i amb la col\u00b7laboraci\u00f3 de l'Ajuntament, estem preparant uns cursos d'inform\u00e0tica per a adults i gent gran, per a tal fi comptem amb la col\u00b7laboraci\u00f3 desinteressada d'un ve\u00ed de l'Ampolla, el company Nicolau Clar\u00e1 i el suport del director de ACYF.CAT, el company Carlos Clemares. En aquests moments s'estan habilitant tant l'espai com els elements audiovisuals que permetran desenvolupar tal activitat, i que en el seu moment s'informar\u00e0 a la poblaci\u00f3 de l'Ampolla. Esperem poder ser d'ajuda a moltes persones que en l'actualitat se'ls dificulten gestions oficials, sanit\u00e0ries, de bancs, etc... que cada dia ens pressionen perqu\u00e8 realitzem els nostres tr\u00e0mits de forma digital, a m\u00e9s d'altres coneixements de l'ordinador i el m\u00f2bil.<\/p>\n<\/div><\/div>\n\n\n\n<div class=\"wp-block-uagb-container uagb-block-50d5467e alignfull uagb-is-root-container\"><div class=\"uagb-container-inner-blocks-wrap\">\n<div class=\"wp-block-columns is-layout-flex wp-container-core-columns-is-layout-7387b849 wp-block-columns-is-layout-flex\">\n<div class=\"wp-block-column is-layout-flow wp-block-column-is-layout-flow\">\n<figure class=\"wp-block-image alignfull size-full\"><img loading=\"lazy\" decoding=\"async\" width=\"712\" height=\"544\" src=\"http:\/\/acyf.cat\/wp-content\/uploads\/2026\/05\/001.jpg\" alt=\"\" class=\"wp-image-2218\" srcset=\"https:\/\/acyf.cat\/wp-content\/uploads\/2026\/05\/001.jpg 712w, https:\/\/acyf.cat\/wp-content\/uploads\/2026\/05\/001-300x229.jpg 300w, https:\/\/acyf.cat\/wp-content\/uploads\/2026\/05\/001-16x12.jpg 16w\" sizes=\"auto, (max-width: 712px) 100vw, 712px\" \/><\/figure>\n<\/div>\n\n\n\n<div class=\"wp-block-column is-layout-flow wp-block-column-is-layout-flow\">\n<p class=\"wp-block-paragraph\">La classe l'imparteix el ve\u00ed de l'Ampolla capit\u00e0 Nicolau Clar\u00e1 Sabat\u00e9s. Fa anys vaig traslladar la meva resid\u00e8ncia a l'Ampolla, fet que va ser un encert total. Soc nascut a Sabadell i em sento molt involucrat en l'ajuda a persones grans, b\u00e0sicament en l'\u00e0mbit de la connexi\u00f3 digital. Vull transmetre els meus coneixements de forma gratu\u00efta a aquelles persones que, d'una manera o altra, senten la necessitat, ja sigui per convicci\u00f3 pr\u00f2pia o perqu\u00e8 les institucions governamentals, ajuntaments, sanitat i, especialment, els bancs, ens posen cada dia m\u00e9s dif\u00edcil la gesti\u00f3 presencial.<\/p>\n<\/div>\n<\/div>\n<\/div><\/div>\n\n\n\n<div class=\"wp-block-uagb-container uagb-block-46230f83 alignfull uagb-is-root-container\"><div class=\"uagb-container-inner-blocks-wrap\">\n<ul style=\"margin-top:0;margin-right:0;margin-bottom:0;margin-left:0\" class=\"wp-block-list\">\n<li><\/li>\n<\/ul>\n\n\n\n<div class=\"wp-block-uagb-separator uagb-block-50fb87ff\"><div class=\"wp-block-uagb-separator__inner\" style=\"--my-background-image:\"><\/div><\/div>\n<\/div><\/div>\n\n\n\n<div class=\"wp-block-uagb-container uagb-block-c6306452 alignfull uagb-is-root-container\"><div class=\"uagb-container__shape uagb-container__shape-top\"><svg xmlns=\"https:\/\/www.w3.org\/2000\/svg\" viewbox=\"0 0 1000 100\" preserveaspectratio=\"none\"><path class=\"uagb-container__shape-fill\" d=\"M761.9,44.1L643.1,27.2L333.8,98L0,3.8V0l1000,0v3.9\"><\/path><\/svg><\/div><div class=\"uagb-container-inner-blocks-wrap\">\n<p class=\"has-text-align-center has-white-color has-text-color has-link-color has-large-font-size wp-elements-1 wp-block-paragraph\">Parla amb nosaltres<\/p>\n\n\n\n<div class=\"wp-block-uagb-separator uagb-block-27c6cc35\"><div class=\"wp-block-uagb-separator__inner\" style=\"--my-background-image:\"><\/div><\/div>\n\n\n\n<p class=\"has-white-color has-text-color has-link-color wp-elements-2 wp-block-paragraph\">Qualsevol pregunta, dubte o consulta no dubtis en posar-te en contacte amb mi sempre estem a la millor disposici\u00f3 d'ajudar-te a tu i la teva fam\u00edlia, a la p\u00e0gina de contacte trobar\u00e0s com posar-te en contacte, per tel\u00e8fon, correu electr\u00f2nic, whatsapp o omplint el formulari de contacte i enviant-lo, nosaltres ens posarem en contacte amb tu en menys de 24 hores.<\/p>\n<\/div><\/div>","protected":false},"excerpt":{"rendered":"<p>INFORM\u00c1TICA La Asociaci\u00f3n Ayuda Comunitaria y Familiar amplia con la Inform\u00e1tica los servicios gratuitos a la comunidad En Acyf.cat y con la colaboracion del Ayuntamiento, estamos preparando unos cursos de inform\u00e1tica para adultos y gente mayor, para tal fin contamos con la colaboraci\u00f3n desinteresada de un vecino de L\u2019Ampolla, el compa\u00f1ero Nicolau Clar\u00e1 y el [&hellip;]<\/p>\n","protected":false},"author":1,"featured_media":0,"parent":0,"menu_order":0,"comment_status":"closed","ping_status":"closed","template":"","meta":{"_uag_custom_page_level_css":"","site-sidebar-layout":"default","site-content-layout":"","ast-site-content-layout":"default","site-content-style":"default","site-sidebar-style":"default","ast-global-header-display":"","ast-banner-title-visibility":"","ast-main-header-display":"","ast-hfb-above-header-display":"","ast-hfb-below-header-display":"","ast-hfb-mobile-header-display":"","site-post-title":"disabled","ast-breadcrumbs-content":"","ast-featured-img":"","footer-sml-layout":"","theme-transparent-header-meta":"","adv-header-id-meta":"","stick-header-meta":"","header-above-stick-meta":"","header-main-stick-meta":"","header-below-stick-meta":"","astra-migrate-meta-layouts":"set","ast-page-background-enabled":"default","ast-page-background-meta":{"desktop":{"background-color":"var(--ast-global-color-4)","background-image":"","background-repeat":"repeat","background-position":"center center","background-size":"auto","background-attachment":"scroll","background-type":"","background-media":"","overlay-type":"","overlay-color":"","overlay-opacity":"","overlay-gradient":""},"tablet":{"background-color":"","background-image":"","background-repeat":"repeat","background-position":"center center","background-size":"auto","background-attachment":"scroll","background-type":"","background-media":"","overlay-type":"","overlay-color":"","overlay-opacity":"","overlay-gradient":""},"mobile":{"background-color":"","background-image":"","background-repeat":"repeat","background-position":"center center","background-size":"auto","background-attachment":"scroll","background-type":"","background-media":"","overlay-type":"","overlay-color":"","overlay-opacity":"","overlay-gradient":""}},"ast-content-background-meta":{"desktop":{"background-color":"var(--ast-global-color-5)","background-image":"","background-repeat":"repeat","background-position":"center center","background-size":"auto","background-attachment":"scroll","background-type":"","background-media":"","overlay-type":"","overlay-color":"","overlay-opacity":"","overlay-gradient":""},"tablet":{"background-color":"var(--ast-global-color-5)","background-image":"","background-repeat":"repeat","background-position":"center center","background-size":"auto","background-attachment":"scroll","background-type":"","background-media":"","overlay-type":"","overlay-color":"","overlay-opacity":"","overlay-gradient":""},"mobile":{"background-color":"var(--ast-global-color-5)","background-image":"","background-repeat":"repeat","background-position":"center center","background-size":"auto","background-attachment":"scroll","background-type":"","background-media":"","overlay-type":"","overlay-color":"","overlay-opacity":"","overlay-gradient":""}},"footnotes":""},"class_list":["post-2229","page","type-page","status-publish","hentry"],"yoast_head":"<!-- This site is optimized with the Yoast SEO plugin v27.6 - https:\/\/yoast.com\/product\/yoast-seo-wordpress\/ -->\n<title>Inform\u00e1tica - www.acyf.cat<\/title>\n<meta name=\"robots\" content=\"index, follow, max-snippet:-1, max-image-preview:large, max-video-preview:-1\" \/>\n<link rel=\"canonical\" href=\"https:\/\/acyf.cat\/ca\/services-2\/\" \/>\n<meta property=\"og:locale\" content=\"ca_ES\" \/>\n<meta property=\"og:type\" content=\"article\" \/>\n<meta property=\"og:title\" content=\"Inform\u00e1tica - www.acyf.cat\" \/>\n<meta property=\"og:description\" content=\"INFORM\u00c1TICA La Asociaci\u00f3n Ayuda Comunitaria y Familiar amplia con la Inform\u00e1tica los servicios gratuitos a la comunidad En Acyf.cat y con la colaboracion del Ayuntamiento, estamos preparando unos cursos de inform\u00e1tica para adultos y gente mayor, para tal fin contamos con la colaboraci\u00f3n desinteresada de un vecino de L\u2019Ampolla, el compa\u00f1ero Nicolau Clar\u00e1 y el [&hellip;]\" \/>\n<meta property=\"og:url\" content=\"https:\/\/acyf.cat\/ca\/services-2\/\" \/>\n<meta property=\"og:site_name\" content=\"www.acyf.cat\" \/>\n<meta property=\"article:modified_time\" content=\"2026-05-21T12:13:45+00:00\" \/>\n<meta property=\"og:image\" content=\"https:\/\/acyf.cat\/wp-content\/uploads\/2026\/05\/001.jpg\" \/>\n\t<meta property=\"og:image:width\" content=\"712\" \/>\n\t<meta property=\"og:image:height\" content=\"544\" \/>\n\t<meta property=\"og:image:type\" content=\"image\/jpeg\" \/>\n<meta name=\"twitter:card\" content=\"summary_large_image\" \/>\n<meta name=\"twitter:label1\" content=\"Temps estimat de lectura\" \/>\n\t<meta name=\"twitter:data1\" content=\"2 minuts\" \/>\n<script type=\"application\/ld+json\" class=\"yoast-schema-graph\">{\"@context\":\"https:\\\/\\\/schema.org\",\"@graph\":[{\"@type\":\"WebPage\",\"@id\":\"https:\\\/\\\/acyf.cat\\\/services-2\\\/\",\"url\":\"https:\\\/\\\/acyf.cat\\\/services-2\\\/\",\"name\":\"Inform\u00e1tica - www.acyf.cat\",\"isPartOf\":{\"@id\":\"https:\\\/\\\/acyf.cat\\\/#website\"},\"primaryImageOfPage\":{\"@id\":\"https:\\\/\\\/acyf.cat\\\/services-2\\\/#primaryimage\"},\"image\":{\"@id\":\"https:\\\/\\\/acyf.cat\\\/services-2\\\/#primaryimage\"},\"thumbnailUrl\":\"http:\\\/\\\/acyf.cat\\\/wp-content\\\/uploads\\\/2026\\\/05\\\/001.jpg\",\"datePublished\":\"2026-05-20T09:57:32+00:00\",\"dateModified\":\"2026-05-21T12:13:45+00:00\",\"breadcrumb\":{\"@id\":\"https:\\\/\\\/acyf.cat\\\/services-2\\\/#breadcrumb\"},\"inLanguage\":\"ca\",\"potentialAction\":[{\"@type\":\"ReadAction\",\"target\":[\"https:\\\/\\\/acyf.cat\\\/services-2\\\/\"]}]},{\"@type\":\"ImageObject\",\"inLanguage\":\"ca\",\"@id\":\"https:\\\/\\\/acyf.cat\\\/services-2\\\/#primaryimage\",\"url\":\"http:\\\/\\\/acyf.cat\\\/wp-content\\\/uploads\\\/2026\\\/05\\\/001.jpg\",\"contentUrl\":\"http:\\\/\\\/acyf.cat\\\/wp-content\\\/uploads\\\/2026\\\/05\\\/001.jpg\"},{\"@type\":\"BreadcrumbList\",\"@id\":\"https:\\\/\\\/acyf.cat\\\/services-2\\\/#breadcrumb\",\"itemListElement\":[{\"@type\":\"ListItem\",\"position\":1,\"name\":\"Portada\",\"item\":\"https:\\\/\\\/acyf.cat\\\/\"},{\"@type\":\"ListItem\",\"position\":2,\"name\":\"Inform\u00e1tica\"}]},{\"@type\":\"WebSite\",\"@id\":\"https:\\\/\\\/acyf.cat\\\/#website\",\"url\":\"https:\\\/\\\/acyf.cat\\\/\",\"name\":\"www.acyf.cat\",\"description\":\"Ayuda comunitaria y familiar\",\"publisher\":{\"@id\":\"https:\\\/\\\/acyf.cat\\\/#\\\/schema\\\/person\\\/2eaa3890d55778ebb5107130ca021d1d\"},\"potentialAction\":[{\"@type\":\"SearchAction\",\"target\":{\"@type\":\"EntryPoint\",\"urlTemplate\":\"https:\\\/\\\/acyf.cat\\\/?s={search_term_string}\"},\"query-input\":{\"@type\":\"PropertyValueSpecification\",\"valueRequired\":true,\"valueName\":\"search_term_string\"}}],\"inLanguage\":\"ca\"},{\"@type\":[\"Person\",\"Organization\"],\"@id\":\"https:\\\/\\\/acyf.cat\\\/#\\\/schema\\\/person\\\/2eaa3890d55778ebb5107130ca021d1d\",\"name\":\"Carlos C.\",\"image\":{\"@type\":\"ImageObject\",\"inLanguage\":\"ca\",\"@id\":\"https:\\\/\\\/acyf.cat\\\/wp-content\\\/uploads\\\/2025\\\/06\\\/cropped-logo-removebg-preview-4.png\",\"url\":\"https:\\\/\\\/acyf.cat\\\/wp-content\\\/uploads\\\/2025\\\/06\\\/cropped-logo-removebg-preview-4.png\",\"contentUrl\":\"https:\\\/\\\/acyf.cat\\\/wp-content\\\/uploads\\\/2025\\\/06\\\/cropped-logo-removebg-preview-4.png\",\"width\":300,\"height\":102,\"caption\":\"Carlos C.\"},\"logo\":{\"@id\":\"https:\\\/\\\/acyf.cat\\\/wp-content\\\/uploads\\\/2025\\\/06\\\/cropped-logo-removebg-preview-4.png\"},\"sameAs\":[\"https:\\\/\\\/acyf.cat\"]}]}<\/script>\n<!-- \/ Yoast SEO plugin. -->","yoast_head_json":{"title":"Inform\u00e1tica - www.acyf.cat","robots":{"index":"index","follow":"follow","max-snippet":"max-snippet:-1","max-image-preview":"max-image-preview:large","max-video-preview":"max-video-preview:-1"},"canonical":"https:\/\/acyf.cat\/ca\/services-2\/","og_locale":"ca_ES","og_type":"article","og_title":"Inform\u00e1tica - www.acyf.cat","og_description":"INFORM\u00c1TICA La Asociaci\u00f3n Ayuda Comunitaria y Familiar amplia con la Inform\u00e1tica los servicios gratuitos a la comunidad En Acyf.cat y con la colaboracion del Ayuntamiento, estamos preparando unos cursos de inform\u00e1tica para adultos y gente mayor, para tal fin contamos con la colaboraci\u00f3n desinteresada de un vecino de L\u2019Ampolla, el compa\u00f1ero Nicolau Clar\u00e1 y el [&hellip;]","og_url":"https:\/\/acyf.cat\/ca\/services-2\/","og_site_name":"www.acyf.cat","article_modified_time":"2026-05-21T12:13:45+00:00","og_image":[{"width":712,"height":544,"url":"https:\/\/acyf.cat\/wp-content\/uploads\/2026\/05\/001.jpg","type":"image\/jpeg"}],"twitter_card":"summary_large_image","twitter_misc":{"Temps estimat de lectura":"2 minuts"},"schema":{"@context":"https:\/\/schema.org","@graph":[{"@type":"WebPage","@id":"https:\/\/acyf.cat\/services-2\/","url":"https:\/\/acyf.cat\/services-2\/","name":"Inform\u00e1tica - www.acyf.cat","isPartOf":{"@id":"https:\/\/acyf.cat\/#website"},"primaryImageOfPage":{"@id":"https:\/\/acyf.cat\/services-2\/#primaryimage"},"image":{"@id":"https:\/\/acyf.cat\/services-2\/#primaryimage"},"thumbnailUrl":"http:\/\/acyf.cat\/wp-content\/uploads\/2026\/05\/001.jpg","datePublished":"2026-05-20T09:57:32+00:00","dateModified":"2026-05-21T12:13:45+00:00","breadcrumb":{"@id":"https:\/\/acyf.cat\/services-2\/#breadcrumb"},"inLanguage":"ca","potentialAction":[{"@type":"ReadAction","target":["https:\/\/acyf.cat\/services-2\/"]}]},{"@type":"ImageObject","inLanguage":"ca","@id":"https:\/\/acyf.cat\/services-2\/#primaryimage","url":"http:\/\/acyf.cat\/wp-content\/uploads\/2026\/05\/001.jpg","contentUrl":"http:\/\/acyf.cat\/wp-content\/uploads\/2026\/05\/001.jpg"},{"@type":"BreadcrumbList","@id":"https:\/\/acyf.cat\/services-2\/#breadcrumb","itemListElement":[{"@type":"ListItem","position":1,"name":"Portada","item":"https:\/\/acyf.cat\/"},{"@type":"ListItem","position":2,"name":"Inform\u00e1tica"}]},{"@type":"WebSite","@id":"https:\/\/acyf.cat\/#website","url":"https:\/\/acyf.cat\/","name":"www.acyf.cat","description":"Ayuda comunitaria y familiar","publisher":{"@id":"https:\/\/acyf.cat\/#\/schema\/person\/2eaa3890d55778ebb5107130ca021d1d"},"potentialAction":[{"@type":"SearchAction","target":{"@type":"EntryPoint","urlTemplate":"https:\/\/acyf.cat\/?s={search_term_string}"},"query-input":{"@type":"PropertyValueSpecification","valueRequired":true,"valueName":"search_term_string"}}],"inLanguage":"ca"},{"@type":["Person","Organization"],"@id":"https:\/\/acyf.cat\/#\/schema\/person\/2eaa3890d55778ebb5107130ca021d1d","name":"Carlos C.","image":{"@type":"ImageObject","inLanguage":"ca","@id":"https:\/\/acyf.cat\/wp-content\/uploads\/2025\/06\/cropped-logo-removebg-preview-4.png","url":"https:\/\/acyf.cat\/wp-content\/uploads\/2025\/06\/cropped-logo-removebg-preview-4.png","contentUrl":"https:\/\/acyf.cat\/wp-content\/uploads\/2025\/06\/cropped-logo-removebg-preview-4.png","width":300,"height":102,"caption":"Carlos C."},"logo":{"@id":"https:\/\/acyf.cat\/wp-content\/uploads\/2025\/06\/cropped-logo-removebg-preview-4.png"},"sameAs":["https:\/\/acyf.cat"]}]}},"uagb_featured_image_src":{"full":false,"thumbnail":false,"medium":false,"medium_large":false,"large":false,"1536x1536":false,"2048x2048":false,"trp-custom-language-flag":false},"uagb_author_info":{"display_name":"Carlos C.","author_link":"https:\/\/acyf.cat\/ca\/author\/nicolauclarasabates_31yid48d\/"},"uagb_comment_info":0,"uagb_excerpt":"INFORM\u00c1TICA La Asociaci\u00f3n Ayuda Comunitaria y Familiar amplia con la Inform\u00e1tica los servicios gratuitos a la comunidad En Acyf.cat y con la colaboracion del Ayuntamiento, estamos preparando unos cursos de inform\u00e1tica para adultos y gente mayor, para tal fin contamos con la colaboraci\u00f3n desinteresada de un vecino de L\u2019Ampolla, el compa\u00f1ero Nicolau Clar\u00e1 y el&hellip;","_links":{"self":[{"href":"https:\/\/acyf.cat\/ca\/wp-json\/wp\/v2\/pages\/2229","targetHints":{"allow":["GET"]}}],"collection":[{"href":"https:\/\/acyf.cat\/ca\/wp-json\/wp\/v2\/pages"}],"about":[{"href":"https:\/\/acyf.cat\/ca\/wp-json\/wp\/v2\/types\/page"}],"author":[{"embeddable":true,"href":"https:\/\/acyf.cat\/ca\/wp-json\/wp\/v2\/users\/1"}],"replies":[{"embeddable":true,"href":"https:\/\/acyf.cat\/ca\/wp-json\/wp\/v2\/comments?post=2229"}],"version-history":[{"count":4,"href":"https:\/\/acyf.cat\/ca\/wp-json\/wp\/v2\/pages\/2229\/revisions"}],"predecessor-version":[{"id":2236,"href":"https:\/\/acyf.cat\/ca\/wp-json\/wp\/v2\/pages\/2229\/revisions\/2236"}],"wp:attachment":[{"href":"https:\/\/acyf.cat\/ca\/wp-json\/wp\/v2\/media?parent=2229"}],"curies":[{"name":"wp","href":"https:\/\/api.w.org\/{rel}","templated":true}]}}