{"id":77,"date":"2025-06-06T09:36:25","date_gmt":"2025-06-06T07:36:25","guid":{"rendered":"https:\/\/acyf.cat\/services\/"},"modified":"2025-07-21T09:37:24","modified_gmt":"2025-07-21T07:37:24","slug":"services","status":"publish","type":"page","link":"https:\/\/acyf.cat\/ca\/services\/","title":{"rendered":"Serveis"},"content":{"rendered":"<div class=\"wp-block-uagb-container uagb-block-8de9c239 alignfull uagb-is-root-container\"><div class=\"uagb-container__shape uagb-container__shape-bottom uagb-container__invert\" data-negative=\"false\"><svg xmlns=\"https:\/\/www.w3.org\/2000\/svg\" viewbox=\"0 0 1000 100\" preserveaspectratio=\"none\"><path class=\"uagb-container__shape-fill\" d=\"M421.9,6.5c22.6-2.5,51.5,0.4,75.5,5.3c23.6,4.9,70.9,23.5,100.5,35.7c75.8,32.2,133.7,44.5,192.6,49.7  c23.6,2.1,48.7,3.5,103.4-2.5c54.7-6,106.2-25.6,106.2-25.6V0H0v30.3c0,0,72,32.6,158.4,30.5c39.2-0.7,92.8-6.7,134-22.4  c21.2-8.1,52.2-18.2,79.7-24.2C399.3,7.9,411.6,7.5,421.9,6.5z\"><\/path><\/svg><\/div><div class=\"uagb-container-inner-blocks-wrap\">\n<div class=\"wp-block-uagb-advanced-heading uagb-block-99148d6e\"><h1 class=\"uagb-heading-text\">Serveis<\/h1><\/div>\n<\/div><\/div>\n\n\n\n<div class=\"wp-block-uagb-separator uagb-block-0b975996\"><div class=\"wp-block-uagb-separator__inner\" style=\"--my-background-image:\"><\/div><\/div>\n\n\n\n<div class=\"wp-block-uagb-container uagb-block-0da5cfc9 alignfull uagb-is-root-container\"><div class=\"uagb-container-inner-blocks-wrap\">\n<div class=\"wp-block-uagb-advanced-heading uagb-block-b9a5822e\"><h1 class=\"uagb-heading-text\">L'Associaci\u00f3 Ajuda Comunit\u00e0ria i Familiar t\u00e9 com a objectiu la millora de les condicions de vida de totes les fam\u00edlies de L\u2019Ampolla<\/h1><\/div>\n\n\n\n<div class=\"wp-block-uagb-separator uagb-block-8e83a8eb\"><div class=\"wp-block-uagb-separator__inner\" style=\"--my-background-image:\"><\/div><\/div>\n\n\n\n<div class=\"wp-block-uagb-separator uagb-block-343f6bea\"><div class=\"wp-block-uagb-separator__inner\" style=\"--my-background-image:\"><\/div><\/div>\n\n\n\n<p class=\"has-text-align-left wp-block-paragraph\" style=\"font-size:25px\"><strong>Objectius<\/strong><\/p>\n\n\n\n<p class=\"wp-block-paragraph\">\u2013 <em>Millorar i canviar les comunitats per fer-les m\u00e9s saludables. - Donar a con\u00e8ixer les tecnologies renovables, implementar mesures que permetin fer un \u00fas eficient de l'energia i garantir el dret i l'acc\u00e9s a l'energia a un preu just.<\/em><\/p>\n\n\n\n<p class=\"wp-block-paragraph\">\u2013<em> Donar a con\u00e8ixer les tecnologies renovables, implementar mesures que permetin fer un \u00fas eficient de l'energia i garantir el dret i l'acc\u00e9s a l'energia a un preu just.<\/em><\/p>\n\n\n\n<p class=\"wp-block-paragraph\" style=\"font-size:25px\"><strong>Accions<\/strong><\/p>\n\n\n\n<p class=\"wp-block-paragraph\">\u2013 Alimentaci\u00f3: Informaci\u00f3 de consum responsable i ecol\u00f2gic. \u2013 \u2013 \u2013 Consum energ\u00e8tic: Informaci\u00f3 i assessorament sobre tarifes i el bo social.<\/p>\n<\/div><\/div>\n\n\n\n<div class=\"wp-block-uagb-advanced-heading uagb-block-78ddb2ae\"><h2 class=\"uagb-heading-text\">RECOMANACIONS<\/h2><\/div>\n\n\n\n<div class=\"wp-block-uagb-container uagb-block-50d5467e alignfull uagb-is-root-container\"><div class=\"uagb-container-inner-blocks-wrap\">\n<p class=\"has-text-align-left wp-block-paragraph\"><em><strong>BOMBETES<\/strong> de Led de 5 Wa 7 W (equival\u00e8ncia entre 60 i 100W aproximadament)\u2026\u2026\u2026\u2026\u2026\u2026\u2026\u2026\u2026\u2026\u2026\u2026\u2026\u2026\u2026\u2026\u2026\u2026\u2026\u2026. <strong>BURLETES<\/strong> a les portes sobretot a les dentrada. Una altra forma per a\u00efllar finestres \u00e9s col\u00b7locar paper de plata als vidres, aix\u00ed fem una petita c\u00e0mera d'a\u00efllament entre vidre i paper (se sol fer normalment en aquelles finestres que no siguin d'alumini i amb c\u00e0mera)\u2026\u2026\u2026\u2026\u2026\u2026\u2026\u2026\u2026\u2026\u2026\u2026\u2026\u2026\u2026\u2026\u2026\u2026\u2026\u2026\u2026\u2026\u2026\u2026.. <strong>DESC\u00c0RREGA AIGUA WC<\/strong> dues desc\u00e0rregues), si no 1 ampolla d'1 \u00bd litre d'aigua al dip\u00f2sit\u2026\u2026\u2026\u2026\u2026\u2026\u2026\u2026\u2026\u2026\u2026\u2026\u2026\u2026\u2026\u2026\u2026\u2026\u2026\u2026\u2026\u2026.. <strong>AIXETES QUART DE BANY<\/strong> nom\u00e9s per mullar-nos, ensabonar-nos i aclarir-nos. No cal gastar m\u00e9s aigua de la necess\u00e0ria. El mateix amb l'aixeta de la cuina. En les aixetes col\u00b7locar airejadors de filtre, d'aquesta manera el consum \u00e9s la meitat de l'aigua\u2026\u2026\u2026\u2026\u2026\u2026\u2026\u2026\u2026\u2026\u2026\u2026\u2026\u2026\u2026\u2026\u2026\u2026\u2026\u2026\u2026\u2026\u2026\u2026\u2026\u2026\u2026\u2026\u2026\u2026\u2026\u2026\u2026\u2026\u2026\u2026\u2026\u2026\u2026\u2026\u2026\u2026\u2026\u2026\u2026\u2026\u2026\u2026\u2026\u2026\u2026\u2026\u2026\u2026\u2026\u2026\u2026\u2026\u2026\u2026\u2026\u2026\u2026\u2026\u2026\u2026\u2026\u2026. <strong>A L'HORA DE CUINAR<\/strong>, amb gas o electricitat : En cuinar calculem que un cop apagat el foc encara disposem de 8 a 10 minuts amb temperatura necess\u00e0ria per acabar de cuinar (aix\u00f2 \u00e9s en ambdues formes de cuinar)\u2026\u2026\u2026\u2026\u2026\u2026\u2026\u2026\u2026\u2026\u2026\u2026\u2026\u2026\u2026\u2026\u2026\u2026\u2026\u2026\u2026\u2026\u2026\u2026\u2026\u2026\u2026\u2026\u2026\u2026\u2026\u2026\u2026\u2026\u2026\u2026\u2026\u2026\u2026\u2026\u2026\u2026\u2026\u2026\u2026\u2026\u2026\u2026\u2026\u2026\u2026\u2026\u2026\u2026\u2026\u2026\u2026\u2026\u2026\u2026\u2026\u2026\u2026\u2026\u2026\u2026\u2026\u2026\u2026\u2026\u2026\u2026\u2026. <strong>LA TEMPERATURA IDEAL<\/strong> per a la Calefacci\u00f3 o l'Aire Condicionat \u00e9s entre 19 i 21 graus. Si s'est\u00e0 al Mercat Regulat s'han de tenir en compte els horaris m\u00e9s barats (hores VALL) de consum el\u00e8ctric per posar rentadores, per planxar, posar en marxa els calefactors, calefacci\u00f3 central, aire condicionat\u2026\u2026\u2026\u2026\u2026\u2026\u2026\u2026\u2026\u2026\u2026\u2026\u2026\u2026\u2026\u2026\u2026. <strong>Normalment dissabte, diumenge i dies festius el preu sol ser m\u00e9s econ\u00f2mic.<\/strong><\/em><\/p>\n<\/div><\/div>\n\n\n\n<div class=\"wp-block-uagb-container uagb-block-46230f83 alignfull uagb-is-root-container\"><div class=\"uagb-container-inner-blocks-wrap\">\n<ul style=\"margin-top:0;margin-right:0;margin-bottom:0;margin-left:0\" class=\"wp-block-list\">\n<li><\/li>\n<\/ul>\n<\/div><\/div>\n\n\n\n<div class=\"wp-block-uagb-container uagb-block-c6306452 alignfull uagb-is-root-container\"><div class=\"uagb-container__shape uagb-container__shape-top\"><svg xmlns=\"https:\/\/www.w3.org\/2000\/svg\" viewbox=\"0 0 1000 100\" preserveaspectratio=\"none\"><path class=\"uagb-container__shape-fill\" d=\"M761.9,44.1L643.1,27.2L333.8,98L0,3.8V0l1000,0v3.9\"><\/path><\/svg><\/div><div class=\"uagb-container-inner-blocks-wrap\">\n<p class=\"has-text-align-center has-white-color has-text-color has-link-color has-large-font-size wp-elements-1 wp-block-paragraph\">Parla amb nosaltres<\/p>\n\n\n\n<div class=\"wp-block-uagb-separator uagb-block-27c6cc35\"><div class=\"wp-block-uagb-separator__inner\" style=\"--my-background-image:\"><\/div><\/div>\n\n\n\n<p class=\"has-white-color has-text-color has-link-color wp-elements-2 wp-block-paragraph\">Qualsevol pregunta, dubte o consulta no dubtis en posar-te en contacte amb mi sempre estem a la millor disposici\u00f3 d'ajudar-te a tu i la teva fam\u00edlia, a la p\u00e0gina de contacte trobar\u00e0s com posar-te en contacte, per tel\u00e8fon, correu electr\u00f2nic, whatsapp o omplint el formulari de contacte i enviant-lo, nosaltres ens posarem en contacte amb tu en menys de 24 hores.<\/p>\n<\/div><\/div>","protected":false},"excerpt":{"rendered":"<p>ServicIOs La Asociaci\u00f3n Ayuda Comunitaria y Familiar tiene como objetivo la mejora de las condiciones de vida de todas las familias de L&#8217;Ampolla Objetivos: &#8211; Mejorar y cambiar las comunidades para hacerlas m\u00e1s saludables. &#8211; Dar a conocer las tecnolog\u00edas renovables, implementar, medidas que permitan hacer un uso eficiente de la energ\u00eda y garantizar el [&hellip;]<\/p>\n","protected":false},"author":1,"featured_media":0,"parent":0,"menu_order":0,"comment_status":"closed","ping_status":"closed","template":"","meta":{"_uag_custom_page_level_css":"","site-sidebar-layout":"default","site-content-layout":"","ast-site-content-layout":"default","site-content-style":"default","site-sidebar-style":"default","ast-global-header-display":"","ast-banner-title-visibility":"","ast-main-header-display":"","ast-hfb-above-header-display":"","ast-hfb-below-header-display":"","ast-hfb-mobile-header-display":"","site-post-title":"disabled","ast-breadcrumbs-content":"","ast-featured-img":"","footer-sml-layout":"","theme-transparent-header-meta":"disabled","adv-header-id-meta":"","stick-header-meta":"","header-above-stick-meta":"","header-main-stick-meta":"","header-below-stick-meta":"","astra-migrate-meta-layouts":"set","ast-page-background-enabled":"default","ast-page-background-meta":{"desktop":{"background-color":"var(--ast-global-color-4)","background-image":"","background-repeat":"repeat","background-position":"center center","background-size":"auto","background-attachment":"scroll","background-type":"","background-media":"","overlay-type":"","overlay-color":"","overlay-opacity":"","overlay-gradient":""},"tablet":{"background-color":"","background-image":"","background-repeat":"repeat","background-position":"center center","background-size":"auto","background-attachment":"scroll","background-type":"","background-media":"","overlay-type":"","overlay-color":"","overlay-opacity":"","overlay-gradient":""},"mobile":{"background-color":"","background-image":"","background-repeat":"repeat","background-position":"center center","background-size":"auto","background-attachment":"scroll","background-type":"","background-media":"","overlay-type":"","overlay-color":"","overlay-opacity":"","overlay-gradient":""}},"ast-content-background-meta":{"desktop":{"background-color":"var(--ast-global-color-5)","background-image":"","background-repeat":"repeat","background-position":"center center","background-size":"auto","background-attachment":"scroll","background-type":"","background-media":"","overlay-type":"","overlay-color":"","overlay-opacity":"","overlay-gradient":""},"tablet":{"background-color":"var(--ast-global-color-5)","background-image":"","background-repeat":"repeat","background-position":"center center","background-size":"auto","background-attachment":"scroll","background-type":"","background-media":"","overlay-type":"","overlay-color":"","overlay-opacity":"","overlay-gradient":""},"mobile":{"background-color":"var(--ast-global-color-5)","background-image":"","background-repeat":"repeat","background-position":"center center","background-size":"auto","background-attachment":"scroll","background-type":"","background-media":"","overlay-type":"","overlay-color":"","overlay-opacity":"","overlay-gradient":""}},"footnotes":""},"class_list":["post-77","page","type-page","status-publish","hentry"],"yoast_head":"<!-- This site is optimized with the Yoast SEO plugin v27.6 - https:\/\/yoast.com\/product\/yoast-seo-wordpress\/ -->\n<title>Servicios - www.acyf.cat<\/title>\n<meta name=\"robots\" content=\"index, follow, max-snippet:-1, max-image-preview:large, max-video-preview:-1\" \/>\n<link rel=\"canonical\" href=\"https:\/\/acyf.cat\/ca\/services\/\" \/>\n<meta property=\"og:locale\" content=\"ca_ES\" \/>\n<meta property=\"og:type\" content=\"article\" \/>\n<meta property=\"og:title\" content=\"Servicios - www.acyf.cat\" \/>\n<meta property=\"og:description\" content=\"ServicIOs La Asociaci\u00f3n Ayuda Comunitaria y Familiar tiene como objetivo la mejora de las condiciones de vida de todas las familias de L&#8217;Ampolla Objetivos: &#8211; Mejorar y cambiar las comunidades para hacerlas m\u00e1s saludables. &#8211; Dar a conocer las tecnolog\u00edas renovables, implementar, medidas que permitan hacer un uso eficiente de la energ\u00eda y garantizar el [&hellip;]\" \/>\n<meta property=\"og:url\" content=\"https:\/\/acyf.cat\/ca\/services\/\" \/>\n<meta property=\"og:site_name\" content=\"www.acyf.cat\" \/>\n<meta property=\"article:modified_time\" content=\"2025-07-21T07:37:24+00:00\" \/>\n<meta name=\"twitter:card\" content=\"summary_large_image\" \/>\n<meta name=\"twitter:label1\" content=\"Temps estimat de lectura\" \/>\n\t<meta name=\"twitter:data1\" content=\"2 minuts\" \/>\n<script type=\"application\/ld+json\" class=\"yoast-schema-graph\">{\"@context\":\"https:\\\/\\\/schema.org\",\"@graph\":[{\"@type\":\"WebPage\",\"@id\":\"https:\\\/\\\/acyf.cat\\\/services\\\/\",\"url\":\"https:\\\/\\\/acyf.cat\\\/services\\\/\",\"name\":\"Servicios - www.acyf.cat\",\"isPartOf\":{\"@id\":\"https:\\\/\\\/acyf.cat\\\/#website\"},\"datePublished\":\"2025-06-06T07:36:25+00:00\",\"dateModified\":\"2025-07-21T07:37:24+00:00\",\"breadcrumb\":{\"@id\":\"https:\\\/\\\/acyf.cat\\\/services\\\/#breadcrumb\"},\"inLanguage\":\"ca\",\"potentialAction\":[{\"@type\":\"ReadAction\",\"target\":[\"https:\\\/\\\/acyf.cat\\\/services\\\/\"]}]},{\"@type\":\"BreadcrumbList\",\"@id\":\"https:\\\/\\\/acyf.cat\\\/services\\\/#breadcrumb\",\"itemListElement\":[{\"@type\":\"ListItem\",\"position\":1,\"name\":\"Portada\",\"item\":\"https:\\\/\\\/acyf.cat\\\/\"},{\"@type\":\"ListItem\",\"position\":2,\"name\":\"Servicios\"}]},{\"@type\":\"WebSite\",\"@id\":\"https:\\\/\\\/acyf.cat\\\/#website\",\"url\":\"https:\\\/\\\/acyf.cat\\\/\",\"name\":\"www.acyf.cat\",\"description\":\"Ayuda comunitaria y familiar\",\"publisher\":{\"@id\":\"https:\\\/\\\/acyf.cat\\\/#\\\/schema\\\/person\\\/2eaa3890d55778ebb5107130ca021d1d\"},\"potentialAction\":[{\"@type\":\"SearchAction\",\"target\":{\"@type\":\"EntryPoint\",\"urlTemplate\":\"https:\\\/\\\/acyf.cat\\\/?s={search_term_string}\"},\"query-input\":{\"@type\":\"PropertyValueSpecification\",\"valueRequired\":true,\"valueName\":\"search_term_string\"}}],\"inLanguage\":\"ca\"},{\"@type\":[\"Person\",\"Organization\"],\"@id\":\"https:\\\/\\\/acyf.cat\\\/#\\\/schema\\\/person\\\/2eaa3890d55778ebb5107130ca021d1d\",\"name\":\"Carlos C.\",\"image\":{\"@type\":\"ImageObject\",\"inLanguage\":\"ca\",\"@id\":\"https:\\\/\\\/acyf.cat\\\/wp-content\\\/uploads\\\/2025\\\/06\\\/cropped-logo-removebg-preview-4.png\",\"url\":\"https:\\\/\\\/acyf.cat\\\/wp-content\\\/uploads\\\/2025\\\/06\\\/cropped-logo-removebg-preview-4.png\",\"contentUrl\":\"https:\\\/\\\/acyf.cat\\\/wp-content\\\/uploads\\\/2025\\\/06\\\/cropped-logo-removebg-preview-4.png\",\"width\":300,\"height\":102,\"caption\":\"Carlos C.\"},\"logo\":{\"@id\":\"https:\\\/\\\/acyf.cat\\\/wp-content\\\/uploads\\\/2025\\\/06\\\/cropped-logo-removebg-preview-4.png\"},\"sameAs\":[\"https:\\\/\\\/acyf.cat\"]}]}<\/script>\n<!-- \/ Yoast SEO plugin. -->","yoast_head_json":{"title":"Servicios - www.acyf.cat","robots":{"index":"index","follow":"follow","max-snippet":"max-snippet:-1","max-image-preview":"max-image-preview:large","max-video-preview":"max-video-preview:-1"},"canonical":"https:\/\/acyf.cat\/ca\/services\/","og_locale":"ca_ES","og_type":"article","og_title":"Servicios - www.acyf.cat","og_description":"ServicIOs La Asociaci\u00f3n Ayuda Comunitaria y Familiar tiene como objetivo la mejora de las condiciones de vida de todas las familias de L&#8217;Ampolla Objetivos: &#8211; Mejorar y cambiar las comunidades para hacerlas m\u00e1s saludables. &#8211; Dar a conocer las tecnolog\u00edas renovables, implementar, medidas que permitan hacer un uso eficiente de la energ\u00eda y garantizar el [&hellip;]","og_url":"https:\/\/acyf.cat\/ca\/services\/","og_site_name":"www.acyf.cat","article_modified_time":"2025-07-21T07:37:24+00:00","twitter_card":"summary_large_image","twitter_misc":{"Temps estimat de lectura":"2 minuts"},"schema":{"@context":"https:\/\/schema.org","@graph":[{"@type":"WebPage","@id":"https:\/\/acyf.cat\/services\/","url":"https:\/\/acyf.cat\/services\/","name":"Servicios - www.acyf.cat","isPartOf":{"@id":"https:\/\/acyf.cat\/#website"},"datePublished":"2025-06-06T07:36:25+00:00","dateModified":"2025-07-21T07:37:24+00:00","breadcrumb":{"@id":"https:\/\/acyf.cat\/services\/#breadcrumb"},"inLanguage":"ca","potentialAction":[{"@type":"ReadAction","target":["https:\/\/acyf.cat\/services\/"]}]},{"@type":"BreadcrumbList","@id":"https:\/\/acyf.cat\/services\/#breadcrumb","itemListElement":[{"@type":"ListItem","position":1,"name":"Portada","item":"https:\/\/acyf.cat\/"},{"@type":"ListItem","position":2,"name":"Servicios"}]},{"@type":"WebSite","@id":"https:\/\/acyf.cat\/#website","url":"https:\/\/acyf.cat\/","name":"www.acyf.cat","description":"Ayuda comunitaria y familiar","publisher":{"@id":"https:\/\/acyf.cat\/#\/schema\/person\/2eaa3890d55778ebb5107130ca021d1d"},"potentialAction":[{"@type":"SearchAction","target":{"@type":"EntryPoint","urlTemplate":"https:\/\/acyf.cat\/?s={search_term_string}"},"query-input":{"@type":"PropertyValueSpecification","valueRequired":true,"valueName":"search_term_string"}}],"inLanguage":"ca"},{"@type":["Person","Organization"],"@id":"https:\/\/acyf.cat\/#\/schema\/person\/2eaa3890d55778ebb5107130ca021d1d","name":"Carlos C.","image":{"@type":"ImageObject","inLanguage":"ca","@id":"https:\/\/acyf.cat\/wp-content\/uploads\/2025\/06\/cropped-logo-removebg-preview-4.png","url":"https:\/\/acyf.cat\/wp-content\/uploads\/2025\/06\/cropped-logo-removebg-preview-4.png","contentUrl":"https:\/\/acyf.cat\/wp-content\/uploads\/2025\/06\/cropped-logo-removebg-preview-4.png","width":300,"height":102,"caption":"Carlos C."},"logo":{"@id":"https:\/\/acyf.cat\/wp-content\/uploads\/2025\/06\/cropped-logo-removebg-preview-4.png"},"sameAs":["https:\/\/acyf.cat"]}]}},"uagb_featured_image_src":{"full":false,"thumbnail":false,"medium":false,"medium_large":false,"large":false,"1536x1536":false,"2048x2048":false,"trp-custom-language-flag":false},"uagb_author_info":{"display_name":"Carlos C.","author_link":"https:\/\/acyf.cat\/ca\/author\/nicolauclarasabates_31yid48d\/"},"uagb_comment_info":0,"uagb_excerpt":"ServicIOs La Asociaci\u00f3n Ayuda Comunitaria y Familiar tiene como objetivo la mejora de las condiciones de vida de todas las familias de L&#8217;Ampolla Objetivos: &#8211; Mejorar y cambiar las comunidades para hacerlas m\u00e1s saludables. &#8211; Dar a conocer las tecnolog\u00edas renovables, implementar, medidas que permitan hacer un uso eficiente de la energ\u00eda y garantizar el&hellip;","_links":{"self":[{"href":"https:\/\/acyf.cat\/ca\/wp-json\/wp\/v2\/pages\/77","targetHints":{"allow":["GET"]}}],"collection":[{"href":"https:\/\/acyf.cat\/ca\/wp-json\/wp\/v2\/pages"}],"about":[{"href":"https:\/\/acyf.cat\/ca\/wp-json\/wp\/v2\/types\/page"}],"author":[{"embeddable":true,"href":"https:\/\/acyf.cat\/ca\/wp-json\/wp\/v2\/users\/1"}],"replies":[{"embeddable":true,"href":"https:\/\/acyf.cat\/ca\/wp-json\/wp\/v2\/comments?post=77"}],"version-history":[{"count":36,"href":"https:\/\/acyf.cat\/ca\/wp-json\/wp\/v2\/pages\/77\/revisions"}],"predecessor-version":[{"id":2209,"href":"https:\/\/acyf.cat\/ca\/wp-json\/wp\/v2\/pages\/77\/revisions\/2209"}],"wp:attachment":[{"href":"https:\/\/acyf.cat\/ca\/wp-json\/wp\/v2\/media?parent=77"}],"curies":[{"name":"wp","href":"https:\/\/api.w.org\/{rel}","templated":true}]}}